{"id":110,"date":"2024-08-15T17:31:13","date_gmt":"2024-08-15T15:31:13","guid":{"rendered":"https:\/\/www.rando-relaisamical.douce-france.net\/?page_id=110"},"modified":"2024-08-15T17:31:13","modified_gmt":"2024-08-15T15:31:13","slug":"a-propos-de-la-randonnee","status":"publish","type":"page","link":"https:\/\/www.rando-relaisamical.douce-france.net\/index.php\/a-propos-de-la-randonnee\/","title":{"rendered":"A propos de la randonn\u00e9e"},"content":{"rendered":"<h3 class=\"\" data-sourcepos=\"5:1-5:37\">Pourquoi pratiquer la randonn\u00e9e ?<\/h3>\n<ul data-sourcepos=\"7:1-8:105\">\n<li data-sourcepos=\"7:1-8:105\"><strong>Bienfaits pour la sant\u00e9:<\/strong>\n<ul data-sourcepos=\"8:5-8:105\">\n<li data-sourcepos=\"8:5-8:105\"><strong>Physiques:<\/strong> Am\u00e9lioration de la condition cardiovasculaire, renforcement musculaire, lutte contre le stress, am\u00e9lioration du sommeil.<\/li>\n<li data-sourcepos=\"9:5-9:89\"><strong>Mentaux:<\/strong> R\u00e9duction du stress et de l&rsquo;anxi\u00e9t\u00e9, am\u00e9lioration de la concentration, boost de l&rsquo;estime de soi, connexion avec la nature.<\/li>\n<\/ul>\n<\/li>\n<li data-sourcepos=\"10:1-13:91\"><strong>D\u00e9couverte de la nature:<\/strong>\n<ul data-sourcepos=\"11:5-13:91\">\n<li data-sourcepos=\"11:5-11:97\"><strong>Paysages vari\u00e9s:<\/strong> For\u00eats, montagnes, c\u00f4tes, campagnes&#8230; il y en a pour tous les go\u00fbts !<\/li>\n<li data-sourcepos=\"12:5-12:70\"><strong>Faune et flore:<\/strong> Observation d&rsquo;esp\u00e8ces animales et v\u00e9g\u00e9tales.<\/li>\n<li data-sourcepos=\"13:5-13:91\"><strong>Patrimoine culturel:<\/strong> D\u00e9couverte de sites historiques et de villages pittoresques.<\/li>\n<\/ul>\n<\/li>\n<li data-sourcepos=\"14:1-16:35\"><strong>Activit\u00e9 accessible \u00e0 tous:<\/strong>\n<ul data-sourcepos=\"15:5-16:35\">\n<li data-sourcepos=\"15:5-15:127\"><strong>Tous niveaux:<\/strong> Des balades tranquilles aux randonn\u00e9es sportives, il existe des itin\u00e9raires adapt\u00e9s \u00e0 tous les niveaux.<\/li>\n<li data-sourcepos=\"16:5-16:35\"><strong>En famille ou entre amis:<\/strong> Partage de moments conviviaux en pleine nature.<\/li>\n<\/ul>\n<\/li>\n<\/ul>\n<h3 class=\"\" data-sourcepos=\"18:1-18:40\">Comment bien pr\u00e9parer sa randonn\u00e9e ?<\/h3>\n<ul data-sourcepos=\"20:1-29:0\">\n<li data-sourcepos=\"20:1-23:114\"><strong>Choisir son itin\u00e9raire:<\/strong>\n<ul data-sourcepos=\"21:5-23:114\">\n<li data-sourcepos=\"21:5-21:79\"><strong>Niveau:<\/strong> Adaptez la difficult\u00e9 du parcours \u00e0 votre condition physique.<\/li>\n<li data-sourcepos=\"22:5-22:73\"><strong>Dur\u00e9e:<\/strong> Pr\u00e9voyez une dur\u00e9e r\u00e9aliste en fonction de votre rythme.<\/li>\n<li data-sourcepos=\"23:5-23:114\"><strong>Saison:<\/strong> Certaines p\u00e9riodes sont plus favorables que d&rsquo;autres en fonction des conditions m\u00e9t\u00e9orologiques.<\/li>\n<\/ul>\n<\/li>\n<li data-sourcepos=\"24:1-29:0\"><strong>\u00c9quipement:<\/strong>\n<ul data-sourcepos=\"25:5-29:0\">\n<li data-sourcepos=\"25:5-25:95\"><strong>Chaussures de randonn\u00e9e:<\/strong> Essentielles pour un confort optimal et une bonne adh\u00e9rence.<\/li>\n<li data-sourcepos=\"26:5-26:109\"><strong>V\u00eatements adapt\u00e9s:<\/strong> Pr\u00e9voyez des v\u00eatements techniques et respirants, ainsi qu&rsquo;une veste imperm\u00e9able.<\/li>\n<li data-sourcepos=\"27:5-27:119\"><strong>Sac \u00e0 dos:<\/strong> Choisissez un sac adapt\u00e9 \u00e0 la dur\u00e9e de votre randonn\u00e9e et \u00e0 la quantit\u00e9 de mat\u00e9riel \u00e0 transporter.<\/li>\n<li data-sourcepos=\"28:5-29:0\"><strong>Autres \u00e9quipements:<\/strong> Carte, boussole, lampe frontale, trousse de secours, nourriture et eau.<\/li>\n<\/ul>\n<\/li>\n<\/ul>\n","protected":false},"excerpt":{"rendered":"<p>Pourquoi pratiquer la randonn\u00e9e ? Bienfaits pour la sant\u00e9: Physiques: Am\u00e9lioration de la condition cardiovasculaire, renforcement musculaire, lutte contre le stress, am\u00e9lioration du sommeil. Mentaux: R\u00e9duction du stress et de l&rsquo;anxi\u00e9t\u00e9, am\u00e9lioration de la concentration, boost de l&rsquo;estime de soi, connexion avec la nature. D\u00e9couverte de la nature: Paysages vari\u00e9s: For\u00eats, montagnes, c\u00f4tes, campagnes&#8230; il &hellip; <a href=\"https:\/\/www.rando-relaisamical.douce-france.net\/index.php\/a-propos-de-la-randonnee\/\" class=\"more-link\">Continuer la lecture de <span class=\"screen-reader-text\">A propos de la randonn\u00e9e<\/span>  <span class=\"meta-nav\">&rarr;<\/span><\/a><\/p>\n","protected":false},"author":1,"featured_media":0,"parent":0,"menu_order":0,"comment_status":"closed","ping_status":"closed","template":"","meta":{"ngg_post_thumbnail":0,"footnotes":""},"class_list":["post-110","page","type-page","status-publish","hentry"],"_links":{"self":[{"href":"https:\/\/www.rando-relaisamical.douce-france.net\/index.php\/wp-json\/wp\/v2\/pages\/110","targetHints":{"allow":["GET"]}}],"collection":[{"href":"https:\/\/www.rando-relaisamical.douce-france.net\/index.php\/wp-json\/wp\/v2\/pages"}],"about":[{"href":"https:\/\/www.rando-relaisamical.douce-france.net\/index.php\/wp-json\/wp\/v2\/types\/page"}],"author":[{"embeddable":true,"href":"https:\/\/www.rando-relaisamical.douce-france.net\/index.php\/wp-json\/wp\/v2\/users\/1"}],"replies":[{"embeddable":true,"href":"https:\/\/www.rando-relaisamical.douce-france.net\/index.php\/wp-json\/wp\/v2\/comments?post=110"}],"version-history":[{"count":1,"href":"https:\/\/www.rando-relaisamical.douce-france.net\/index.php\/wp-json\/wp\/v2\/pages\/110\/revisions"}],"predecessor-version":[{"id":111,"href":"https:\/\/www.rando-relaisamical.douce-france.net\/index.php\/wp-json\/wp\/v2\/pages\/110\/revisions\/111"}],"wp:attachment":[{"href":"https:\/\/www.rando-relaisamical.douce-france.net\/index.php\/wp-json\/wp\/v2\/media?parent=110"}],"curies":[{"name":"wp","href":"https:\/\/api.w.org\/{rel}","templated":true}]}}